{"id":797,"date":"2019-12-10T17:33:32","date_gmt":"2019-12-10T16:33:32","guid":{"rendered":"https:\/\/dev.ebene-c.de\/?page_id=797"},"modified":"2019-12-17T13:05:51","modified_gmt":"2019-12-17T12:05:51","slug":"barco","status":"publish","type":"page","link":"https:\/\/www.ebene-c.de\/en\/barco\/","title":{"rendered":"Barco"},"content":{"rendered":"<div class=\"vc_row wpb_row vc_row-fluid\"><div class=\"wpb_column vc_column_container vc_col-sm-6\"><div class=\"vc_column-inner\"><div class=\"wpb_wrapper\">\n\t<div class=\"wpb_text_column wpb_content_element\" >\n\t\t<div class=\"wpb_wrapper\">\n\t\t\t<h2>WKO &#8211; W\u00fcrttembergisches Kammerorchester<br \/>\n\/<br \/>\nUnique positioning<\/h2>\n\n\t\t<\/div>\n\t<\/div>\n\n\t<div class=\"wpb_text_column wpb_content_element\" >\n\t\t<div class=\"wpb_wrapper\">\n\t\t\t<h4>\/ Workshopreihe mit Musikern und Stakeholdern<br \/>\n\/ Verdichtung der Ergebnisse in einzigartige Positionierung<br \/>\n\/ Begleitung bei der Entwicklung einer Kommunikationsstrategie<\/h4>\n\n\t\t<\/div>\n\t<\/div>\n<\/div><\/div><\/div><div class=\"wpb_column vc_column_container vc_col-sm-6\"><div class=\"vc_column-inner\"><div class=\"wpb_wrapper\">\n\t<div  class=\"wpb_single_image wpb_content_element vc_align_left  vc_custom_1575742162173\">\n\t\t\n\t\t<figure class=\"wpb_wrapper vc_figure\">\n\t\t\t<div class=\"vc_single_image-wrapper   vc_box_border_grey\"><img class=\"vc_single_image-img\" src=\"https:\/\/www.ebene-c.de\/wp-content\/uploads\/2019\/12\/Platzhalter-340x302.png\" width=\"340\" height=\"302\" alt=\"Platzhalter\" title=\"Platzhalter\" \/><\/div>\n\t\t<\/figure>\n\t<\/div>\n<\/div><\/div><\/div><\/div><div class=\"vc_row wpb_row vc_row-fluid\"><div class=\"wpb_column vc_column_container vc_col-sm-6\"><div class=\"vc_column-inner\"><div class=\"wpb_wrapper\">\n\t<div class=\"wpb_text_column wpb_content_element\" >\n\t\t<div class=\"wpb_wrapper\">\n\t\t\t<div class=\"wpb_text_column wpb_content_element vc_custom_1538133902006\">\n<div class=\"wpb_wrapper\">\n<div class=\"wpb_text_column wpb_content_element vc_custom_1538132645187\">\n<div class=\"wpb_wrapper\">\n<div class=\"vc_row wpb_row vc_inner vc_row-fluid\">\n<div class=\"wpb_column vc_column_container vc_col-sm-12\">\n<div class=\"wpb_wrapper\">\n<h2 class=\"vc_custom_heading vc_custom_1538131386965\">BARCO \/ IOSONO<\/h2>\n<\/div>\n<\/div>\n<\/div>\n<div class=\"wpb_text_column wpb_content_element vc_custom_1538134354215\">\n<div class=\"wpb_wrapper\">\n<h4>HINTERGRUND<\/h4>\n<p>Barco ist ein weltweit t\u00e4tiges Technologieunternehmen, das unter der Marke IOSONO innovative 3D Audio-L\u00f6sungen f\u00fcr Unterhaltungselektronik und professionelle Audioanwendungen mit einer einzigartigen Marktstellung anbietet. Referenzen wie der Deutsche Pavillon auf der Expo 2012 Yeosu, Korea, das Sydney Opera House und die Mercedes-Benz Fashion Week sprechen f\u00fcr sich.<\/p>\n<p><a href=\"http:\/\/www.iosono-sound.com\">www.iosono-sound.com<\/a><\/p>\n<p>&nbsp;<\/p>\n<h4><\/h4>\n<h4>AUFGABE<\/h4>\n<p>Begleitung der strategischen Portfolio-Ausrichtung.<\/p>\n<h4>L\u00d6SUNG<\/h4>\n<p>In einer Workshopreihe unterst\u00fctzt ebene c die strategische Portfolio-Ausrichtung von IOSONO-Produkten. Schwerpunkte: Strategische Neupositionierung der Marke und die Weiterentwicklung des Angebotsportfolios sowie die Begleitung der internen Changeprozesse.<\/p>\n<\/div>\n<\/div>\n<\/div>\n<\/div>\n<\/div>\n<\/div>\n\n\t\t<\/div>\n\t<\/div>\n<\/div><\/div><\/div><div class=\"wpb_column vc_column_container vc_col-sm-6\"><div class=\"vc_column-inner\"><div class=\"wpb_wrapper\">\n\t<div class=\"wpb_text_column wpb_content_element\" >\n\t\t<div class=\"wpb_wrapper\">\n\t\t\t<div>\n<div>\n<h4><strong>Client quote<\/strong><\/h4>\n<p>\"The big plus in working with ebene c is the unusual perspectives and their consistent elaboration. The combination of an external perspective and a high sense for the topic of classical music are both enriching and stimulating at the same time.\"<\/p>\n<p>Madeleine Landlinger, Executive Director<\/p>\n<\/div>\n<\/div>\n\n\t\t<\/div>\n\t<\/div>\n\n\t<div  class=\"wpb_single_image wpb_content_element vc_align_left  vc_custom_1575742162173\">\n\t\t\n\t\t<figure class=\"wpb_wrapper vc_figure\">\n\t\t\t<div class=\"vc_single_image-wrapper   vc_box_border_grey\"><img class=\"vc_single_image-img\" src=\"https:\/\/www.ebene-c.de\/wp-content\/uploads\/2019\/12\/Platzhalter-340x302.png\" width=\"340\" height=\"302\" alt=\"Platzhalter\" title=\"Platzhalter\" \/><\/div>\n\t\t<\/figure>\n\t<\/div>\n<\/div><\/div><\/div><\/div><div class=\"vc_row wpb_row vc_row-fluid\"><div class=\"wpb_column vc_column_container vc_col-sm-12\"><div class=\"vc_column-inner\"><div class=\"wpb_wrapper\"><div class=\"vc_separator wpb_content_element vc_separator_align_center vc_sep_width_100 vc_sep_border_width_2 vc_sep_pos_align_center vc_separator_no_text vc_sep_color_black\" ><span class=\"vc_sep_holder vc_sep_holder_l\"><span  class=\"vc_sep_line\"><\/span><\/span><span class=\"vc_sep_holder vc_sep_holder_r\"><span  class=\"vc_sep_line\"><\/span><\/span>\n<\/div><\/div><\/div><\/div><\/div>","protected":false},"excerpt":{"rendered":"WKO - W\u00fcrttembergisches Kammerorchester \/ Einzigartige Positionierung \/ Workshopreihe mit Musikern und Stakeholdern \/ Verdichtung der Ergebnisse in einzigartige Positionierung \/ Begleitung bei der Entwicklung<span class=\"excerpt-hellip\"> [\u2026]<\/span>","protected":false},"author":1,"featured_media":0,"parent":0,"menu_order":0,"comment_status":"closed","ping_status":"closed","template":"","meta":[],"_links":{"self":[{"href":"https:\/\/www.ebene-c.de\/en\/wp-json\/wp\/v2\/pages\/797"}],"collection":[{"href":"https:\/\/www.ebene-c.de\/en\/wp-json\/wp\/v2\/pages"}],"about":[{"href":"https:\/\/www.ebene-c.de\/en\/wp-json\/wp\/v2\/types\/page"}],"author":[{"embeddable":true,"href":"https:\/\/www.ebene-c.de\/en\/wp-json\/wp\/v2\/users\/1"}],"replies":[{"embeddable":true,"href":"https:\/\/www.ebene-c.de\/en\/wp-json\/wp\/v2\/comments?post=797"}],"version-history":[{"count":3,"href":"https:\/\/www.ebene-c.de\/en\/wp-json\/wp\/v2\/pages\/797\/revisions"}],"predecessor-version":[{"id":991,"href":"https:\/\/www.ebene-c.de\/en\/wp-json\/wp\/v2\/pages\/797\/revisions\/991"}],"wp:attachment":[{"href":"https:\/\/www.ebene-c.de\/en\/wp-json\/wp\/v2\/media?parent=797"}],"curies":[{"name":"wp","href":"https:\/\/api.w.org\/{rel}","templated":true}]}}